{"id":545,"date":"2022-02-27T22:02:10","date_gmt":"2022-02-27T21:02:10","guid":{"rendered":"https:\/\/wm.pb.edu.pl\/iib\/?page_id=545"},"modified":"2025-12-08T18:59:15","modified_gmt":"2025-12-08T17:59:15","slug":"pracownia-protetyki-i-ortotyki","status":"publish","type":"page","link":"https:\/\/wm.pb.edu.pl\/iib\/infrastruktura-badawcza\/pracownia-protetyki-i-ortotyki\/","title":{"rendered":"Pracownia Protetyki i Ortotyki"},"content":{"rendered":"<table width=\"100%\" border=\"1\" cellpadding=\"15\" cellspacing=\"0\" style=\"border-collapse: collapse;border-color: #cccccc\">\n<p>  <!-- Frezarka do wk\u0142adek ortopedycznych --><\/p>\n<tr>\n<td width=\"250\" align=\"center\" valign=\"top\" bgcolor=\"#f9f9f9\">\n      <img decoding=\"async\" src=\"https:\/\/wm.pb.edu.pl\/iib\/wp-content\/uploads\/sites\/7\/2022\/02\/Frezarka-do-wkladek-ortopedycznych-300x199.png\" alt=\"Frezarka do wk\u0142adek ortopedycznych\" width=\"250\">\n    <\/td>\n<td valign=\"top\">\n<h3 style=\"color: #003366;margin-top: 0\">Frezarka do wk\u0142adek ortopedycznych<\/h3>\n<p><strong>Cechy:<\/strong><\/p>\n<ul>\n<li>posuw automatyczny we wszystkich osiach x, y, z;<\/li>\n<li>regulowana pr\u0119dko\u015b\u0107 obrotowa wrzeciona.<\/li>\n<\/ul>\n<p>Autorska opracowana frezarka do korekcyjnych wk\u0142adek obuwniczych. Pozwala na wyfrezowanie z materia\u0142\u00f3w porowatych wk\u0142adek na podstawie skanu 3D stopy pacjenta.<\/p>\n<p>Indywidualnie wykonana wk\u0142adka pozwala precyzyjnie rozk\u0142ada\u0107 obci\u0105\u017cenie na stop\u0119 oraz odbarcza\u0107 obszary nadmiernie obci\u0105\u017cane.<\/p>\n<\/td>\n<\/tr>\n<p>  <!-- P\u0142yta grzewcza --><\/p>\n<tr>\n<td width=\"250\" align=\"center\" valign=\"top\" bgcolor=\"#f9f9f9\">\n      <img decoding=\"async\" src=\"https:\/\/wm.pb.edu.pl\/iib\/wp-content\/uploads\/sites\/7\/2022\/02\/Plyta-grzewcza-300x200.png\" alt=\"P\u0142yta grzewcza\" width=\"250\">\n    <\/td>\n<td valign=\"top\">\n<h3 style=\"color: #003366;margin-top: 0\">P\u0142yta grzewcza<\/h3>\n<p><strong>Cechy:<\/strong><\/p>\n<ul>\n<li>zakres temperatury do 200\u00b0C.<\/li>\n<\/ul>\n<p>P\u0142yta grzewcza s\u0142u\u017cy do podgrzewania materia\u0142\u00f3w termoplastycznych. Pozwala na podgrzanie materia\u0142u do okre\u015blonej temperatury w zaprogramowanym czasie.<\/p>\n<\/td>\n<\/tr>\n<p>  <!-- Suszarka i komora temperaturowa Binder --><\/p>\n<tr>\n<td width=\"250\" align=\"center\" valign=\"top\" bgcolor=\"#f9f9f9\">\n      <img decoding=\"async\" src=\"https:\/\/wm.pb.edu.pl\/iib\/wp-content\/uploads\/sites\/7\/2022\/02\/Suszarka-i-komora-temperaturowa-Binder-300x200.png\" alt=\"Suszarka i komora temperaturowa Binder\" width=\"250\">\n    <\/td>\n<td valign=\"top\">\n<h3 style=\"color: #003366;margin-top: 0\">Suszarka i komora temperaturowa Binder<\/h3>\n<p><strong>Cechy:<\/strong><\/p>\n<ul>\n<li>zakres temperatury: temperatura otoczenia plus 5\u00b0C do 300\u00b0C;<\/li>\n<li>regulowana pr\u0119dko\u015b\u0107 obrotowa wentylatora;<\/li>\n<li>regulowana klapa wylotu powietrza.<\/li>\n<\/ul>\n<p>Komora temperaturowa s\u0142u\u017cy do wygrzewania materia\u0142\u00f3w. Umo\u017cliwia zaprogramowanie zakresu temperatury oraz czasu grzania i ch\u0142odzenia materia\u0142u.<\/p>\n<\/td>\n<\/tr>\n<p>  <!-- Protetyczna prasa ci\u015bnieniowa --><\/p>\n<tr>\n<td width=\"250\" align=\"center\" valign=\"top\" bgcolor=\"#f9f9f9\">\n      <img decoding=\"async\" src=\"https:\/\/wm.pb.edu.pl\/iib\/wp-content\/uploads\/sites\/7\/2022\/02\/Protetyczna-prasa-cisnieniowa-300x200.png\" alt=\"Protetyczna prasa ci\u015bnieniowa\" width=\"250\">\n    <\/td>\n<td valign=\"top\">\n<h3 style=\"color: #003366;margin-top: 0\">Protetyczna prasa ci\u015bnieniowa<\/h3>\n<p><strong>Cechy:<\/strong><\/p>\n<ul>\n<li>regulacja podci\u015bnienia;<\/li>\n<li>p\u0142yta grzewcza reguluj\u0105ca czas grzania.<\/li>\n<\/ul>\n<p>Prasa pozwala na podgrzanie materia\u0142\u00f3w termoplastycznych a nast\u0119pnie formowanie ich metod\u0105 podci\u015bnieniow\u0105 na kopycie umieszczonym pod pras\u0105.<\/p>\n<\/td>\n<\/tr>\n<\/table>\n","protected":false},"excerpt":{"rendered":"<p>Frezarka do wk\u0142adek ortopedycznych Cechy: posuw automatyczny we wszystkich osiach x, y, z; regulowana pr\u0119dko\u015b\u0107<a class=\"read-more\" href=\"https:\/\/wm.pb.edu.pl\/iib\/infrastruktura-badawcza\/pracownia-protetyki-i-ortotyki\/\" title=\"Poka\u017c artyku\u0142 Pracownia Protetyki i Ortotyki\">wi\u0119cej<\/a><\/p>\n","protected":false},"author":75,"featured_media":0,"parent":44,"menu_order":0,"comment_status":"closed","ping_status":"closed","template":"","meta":{"inline_featured_image":false,"ngg_post_thumbnail":0,"footnotes":""},"class_list":["post-545","page","type-page","status-publish","hentry"],"acf":[],"yoast_head":"<!-- This site is optimized with the Yoast SEO plugin v26.4 - https:\/\/yoast.com\/wordpress\/plugins\/seo\/ -->\n<title>Pracownia Protetyki i Ortotyki - Instytut In\u017cynierii Biomedycznej<\/title>\n<meta name=\"robots\" content=\"index, follow, max-snippet:-1, max-image-preview:large, max-video-preview:-1\" \/>\n<link rel=\"canonical\" href=\"https:\/\/wm.pb.edu.pl\/iib\/infrastruktura-badawcza\/pracownia-protetyki-i-ortotyki\/\" \/>\n<meta property=\"og:locale\" content=\"pl_PL\" \/>\n<meta property=\"og:type\" content=\"article\" \/>\n<meta property=\"og:title\" content=\"Pracownia Protetyki i Ortotyki - Instytut In\u017cynierii Biomedycznej\" \/>\n<meta property=\"og:description\" content=\"Frezarka do wk\u0142adek ortopedycznych Cechy: posuw automatyczny we wszystkich osiach x, y, z; regulowana pr\u0119dko\u015b\u0107wi\u0119cej\" \/>\n<meta property=\"og:url\" content=\"https:\/\/wm.pb.edu.pl\/iib\/infrastruktura-badawcza\/pracownia-protetyki-i-ortotyki\/\" \/>\n<meta property=\"og:site_name\" content=\"Instytut In\u017cynierii Biomedycznej\" \/>\n<meta property=\"article:modified_time\" content=\"2025-12-08T17:59:15+00:00\" \/>\n<meta property=\"og:image\" content=\"https:\/\/wm.pb.edu.pl\/iib\/wp-content\/uploads\/sites\/7\/2022\/02\/Frezarka-do-wkladek-ortopedycznych-300x199.png\" \/>\n<meta name=\"twitter:card\" content=\"summary_large_image\" \/>\n<meta name=\"twitter:label1\" content=\"Szacowany czas czytania\" \/>\n\t<meta name=\"twitter:data1\" content=\"2 minuty\" \/>\n<script type=\"application\/ld+json\" class=\"yoast-schema-graph\">{\"@context\":\"https:\/\/schema.org\",\"@graph\":[{\"@type\":\"WebPage\",\"@id\":\"https:\/\/wm.pb.edu.pl\/iib\/infrastruktura-badawcza\/pracownia-protetyki-i-ortotyki\/\",\"url\":\"https:\/\/wm.pb.edu.pl\/iib\/infrastruktura-badawcza\/pracownia-protetyki-i-ortotyki\/\",\"name\":\"Pracownia Protetyki i Ortotyki - Instytut In\u017cynierii Biomedycznej\",\"isPartOf\":{\"@id\":\"https:\/\/wm.pb.edu.pl\/iib\/#website\"},\"primaryImageOfPage\":{\"@id\":\"https:\/\/wm.pb.edu.pl\/iib\/infrastruktura-badawcza\/pracownia-protetyki-i-ortotyki\/#primaryimage\"},\"image\":{\"@id\":\"https:\/\/wm.pb.edu.pl\/iib\/infrastruktura-badawcza\/pracownia-protetyki-i-ortotyki\/#primaryimage\"},\"thumbnailUrl\":\"https:\/\/wm.pb.edu.pl\/iib\/wp-content\/uploads\/sites\/7\/2022\/02\/Frezarka-do-wkladek-ortopedycznych-300x199.png\",\"datePublished\":\"2022-02-27T21:02:10+00:00\",\"dateModified\":\"2025-12-08T17:59:15+00:00\",\"breadcrumb\":{\"@id\":\"https:\/\/wm.pb.edu.pl\/iib\/infrastruktura-badawcza\/pracownia-protetyki-i-ortotyki\/#breadcrumb\"},\"inLanguage\":\"pl-PL\",\"potentialAction\":[{\"@type\":\"ReadAction\",\"target\":[\"https:\/\/wm.pb.edu.pl\/iib\/infrastruktura-badawcza\/pracownia-protetyki-i-ortotyki\/\"]}]},{\"@type\":\"ImageObject\",\"inLanguage\":\"pl-PL\",\"@id\":\"https:\/\/wm.pb.edu.pl\/iib\/infrastruktura-badawcza\/pracownia-protetyki-i-ortotyki\/#primaryimage\",\"url\":\"https:\/\/wm.pb.edu.pl\/iib\/wp-content\/uploads\/sites\/7\/2022\/02\/Frezarka-do-wkladek-ortopedycznych.png\",\"contentUrl\":\"https:\/\/wm.pb.edu.pl\/iib\/wp-content\/uploads\/sites\/7\/2022\/02\/Frezarka-do-wkladek-ortopedycznych.png\",\"width\":1026,\"height\":682,\"caption\":\"Frezarka do wk\u0142adek ortopedycznych\"},{\"@type\":\"BreadcrumbList\",\"@id\":\"https:\/\/wm.pb.edu.pl\/iib\/infrastruktura-badawcza\/pracownia-protetyki-i-ortotyki\/#breadcrumb\",\"itemListElement\":[{\"@type\":\"ListItem\",\"position\":1,\"name\":\"Strona g\u0142\u00f3wna\",\"item\":\"https:\/\/wm.pb.edu.pl\/iib\/\"},{\"@type\":\"ListItem\",\"position\":2,\"name\":\"Infrastruktura badawcza\",\"item\":\"https:\/\/wm.pb.edu.pl\/iib\/infrastruktura-badawcza\/\"},{\"@type\":\"ListItem\",\"position\":3,\"name\":\"Pracownia Protetyki i Ortotyki\"}]},{\"@type\":\"WebSite\",\"@id\":\"https:\/\/wm.pb.edu.pl\/iib\/#website\",\"url\":\"https:\/\/wm.pb.edu.pl\/iib\/\",\"name\":\"Instytut In\u017cynierii Biomedycznej\",\"description\":\"\",\"potentialAction\":[{\"@type\":\"SearchAction\",\"target\":{\"@type\":\"EntryPoint\",\"urlTemplate\":\"https:\/\/wm.pb.edu.pl\/iib\/?s={search_term_string}\"},\"query-input\":{\"@type\":\"PropertyValueSpecification\",\"valueRequired\":true,\"valueName\":\"search_term_string\"}}],\"inLanguage\":\"pl-PL\"}]}<\/script>\n<!-- \/ Yoast SEO plugin. -->","yoast_head_json":{"title":"Pracownia Protetyki i Ortotyki - Instytut In\u017cynierii Biomedycznej","robots":{"index":"index","follow":"follow","max-snippet":"max-snippet:-1","max-image-preview":"max-image-preview:large","max-video-preview":"max-video-preview:-1"},"canonical":"https:\/\/wm.pb.edu.pl\/iib\/infrastruktura-badawcza\/pracownia-protetyki-i-ortotyki\/","og_locale":"pl_PL","og_type":"article","og_title":"Pracownia Protetyki i Ortotyki - Instytut In\u017cynierii Biomedycznej","og_description":"Frezarka do wk\u0142adek ortopedycznych Cechy: posuw automatyczny we wszystkich osiach x, y, z; regulowana pr\u0119dko\u015b\u0107wi\u0119cej","og_url":"https:\/\/wm.pb.edu.pl\/iib\/infrastruktura-badawcza\/pracownia-protetyki-i-ortotyki\/","og_site_name":"Instytut In\u017cynierii Biomedycznej","article_modified_time":"2025-12-08T17:59:15+00:00","og_image":[{"url":"https:\/\/wm.pb.edu.pl\/iib\/wp-content\/uploads\/sites\/7\/2022\/02\/Frezarka-do-wkladek-ortopedycznych-300x199.png","type":"","width":"","height":""}],"twitter_card":"summary_large_image","twitter_misc":{"Szacowany czas czytania":"2 minuty"},"schema":{"@context":"https:\/\/schema.org","@graph":[{"@type":"WebPage","@id":"https:\/\/wm.pb.edu.pl\/iib\/infrastruktura-badawcza\/pracownia-protetyki-i-ortotyki\/","url":"https:\/\/wm.pb.edu.pl\/iib\/infrastruktura-badawcza\/pracownia-protetyki-i-ortotyki\/","name":"Pracownia Protetyki i Ortotyki - Instytut In\u017cynierii Biomedycznej","isPartOf":{"@id":"https:\/\/wm.pb.edu.pl\/iib\/#website"},"primaryImageOfPage":{"@id":"https:\/\/wm.pb.edu.pl\/iib\/infrastruktura-badawcza\/pracownia-protetyki-i-ortotyki\/#primaryimage"},"image":{"@id":"https:\/\/wm.pb.edu.pl\/iib\/infrastruktura-badawcza\/pracownia-protetyki-i-ortotyki\/#primaryimage"},"thumbnailUrl":"https:\/\/wm.pb.edu.pl\/iib\/wp-content\/uploads\/sites\/7\/2022\/02\/Frezarka-do-wkladek-ortopedycznych-300x199.png","datePublished":"2022-02-27T21:02:10+00:00","dateModified":"2025-12-08T17:59:15+00:00","breadcrumb":{"@id":"https:\/\/wm.pb.edu.pl\/iib\/infrastruktura-badawcza\/pracownia-protetyki-i-ortotyki\/#breadcrumb"},"inLanguage":"pl-PL","potentialAction":[{"@type":"ReadAction","target":["https:\/\/wm.pb.edu.pl\/iib\/infrastruktura-badawcza\/pracownia-protetyki-i-ortotyki\/"]}]},{"@type":"ImageObject","inLanguage":"pl-PL","@id":"https:\/\/wm.pb.edu.pl\/iib\/infrastruktura-badawcza\/pracownia-protetyki-i-ortotyki\/#primaryimage","url":"https:\/\/wm.pb.edu.pl\/iib\/wp-content\/uploads\/sites\/7\/2022\/02\/Frezarka-do-wkladek-ortopedycznych.png","contentUrl":"https:\/\/wm.pb.edu.pl\/iib\/wp-content\/uploads\/sites\/7\/2022\/02\/Frezarka-do-wkladek-ortopedycznych.png","width":1026,"height":682,"caption":"Frezarka do wk\u0142adek ortopedycznych"},{"@type":"BreadcrumbList","@id":"https:\/\/wm.pb.edu.pl\/iib\/infrastruktura-badawcza\/pracownia-protetyki-i-ortotyki\/#breadcrumb","itemListElement":[{"@type":"ListItem","position":1,"name":"Strona g\u0142\u00f3wna","item":"https:\/\/wm.pb.edu.pl\/iib\/"},{"@type":"ListItem","position":2,"name":"Infrastruktura badawcza","item":"https:\/\/wm.pb.edu.pl\/iib\/infrastruktura-badawcza\/"},{"@type":"ListItem","position":3,"name":"Pracownia Protetyki i Ortotyki"}]},{"@type":"WebSite","@id":"https:\/\/wm.pb.edu.pl\/iib\/#website","url":"https:\/\/wm.pb.edu.pl\/iib\/","name":"Instytut In\u017cynierii Biomedycznej","description":"","potentialAction":[{"@type":"SearchAction","target":{"@type":"EntryPoint","urlTemplate":"https:\/\/wm.pb.edu.pl\/iib\/?s={search_term_string}"},"query-input":{"@type":"PropertyValueSpecification","valueRequired":true,"valueName":"search_term_string"}}],"inLanguage":"pl-PL"}]}},"_links":{"self":[{"href":"https:\/\/wm.pb.edu.pl\/iib\/wp-json\/wp\/v2\/pages\/545","targetHints":{"allow":["GET"]}}],"collection":[{"href":"https:\/\/wm.pb.edu.pl\/iib\/wp-json\/wp\/v2\/pages"}],"about":[{"href":"https:\/\/wm.pb.edu.pl\/iib\/wp-json\/wp\/v2\/types\/page"}],"author":[{"embeddable":true,"href":"https:\/\/wm.pb.edu.pl\/iib\/wp-json\/wp\/v2\/users\/75"}],"replies":[{"embeddable":true,"href":"https:\/\/wm.pb.edu.pl\/iib\/wp-json\/wp\/v2\/comments?post=545"}],"version-history":[{"count":9,"href":"https:\/\/wm.pb.edu.pl\/iib\/wp-json\/wp\/v2\/pages\/545\/revisions"}],"predecessor-version":[{"id":1012,"href":"https:\/\/wm.pb.edu.pl\/iib\/wp-json\/wp\/v2\/pages\/545\/revisions\/1012"}],"up":[{"embeddable":true,"href":"https:\/\/wm.pb.edu.pl\/iib\/wp-json\/wp\/v2\/pages\/44"}],"wp:attachment":[{"href":"https:\/\/wm.pb.edu.pl\/iib\/wp-json\/wp\/v2\/media?parent=545"}],"curies":[{"name":"wp","href":"https:\/\/api.w.org\/{rel}","templated":true}]}}