{"id":511,"date":"2024-01-22T19:29:15","date_gmt":"2024-01-22T18:29:15","guid":{"rendered":"https:\/\/wm.pb.edu.pl\/rid2\/?page_id=511"},"modified":"2024-03-08T15:21:01","modified_gmt":"2024-03-08T14:21:01","slug":"konferencje-miedzynarodowe","status":"publish","type":"page","link":"https:\/\/wm.pb.edu.pl\/rid2\/konferencje-miedzynarodowe\/","title":{"rendered":"Konferencje mi\u0119dzynarodowe"},"content":{"rendered":"<p><img loading=\"lazy\" decoding=\"async\" src=\"https:\/\/wm.pb.edu.pl\/rid2\/wp-content\/uploads\/sites\/26\/2024\/03\/belka-RID.jpg\" alt=\"logo projektu, Politechniki Bia\u0142ostockiej i Ministerstwa Nauki i Szkolnictwa Wy\u017cszego\" width=\"1024\" height=\"141\" class=\"aligncenter size-full wp-image-671\" srcset=\"https:\/\/wm.pb.edu.pl\/rid2\/wp-content\/uploads\/sites\/26\/2024\/03\/belka-RID.jpg 1024w, https:\/\/wm.pb.edu.pl\/rid2\/wp-content\/uploads\/sites\/26\/2024\/03\/belka-RID-300x41.jpg 300w, https:\/\/wm.pb.edu.pl\/rid2\/wp-content\/uploads\/sites\/26\/2024\/03\/belka-RID-768x106.jpg 768w\" sizes=\"auto, (max-width: 1024px) 100vw, 1024px\" \/><\/p>\n<div class=\"h1\">Konferencje mi\u0119dzynarodowe<\/div>\n<div class=\"h3 text-center\">Regulamin finansowania udzia\u0142u<br \/>\nw renomowanych mi\u0119dzynarodowych konferencjach naukowych<\/div>\n<p><strong>I. Zasady og\u00f3lne <\/strong><\/p>\n<ol>\n<li>O dofinansowanie koszt\u00f3w udzia\u0142u w renomowanej mi\u0119dzynarodowej konferencji naukowej mog\u0105 ubiega\u0107 si\u0119 nauczyciele akademiccy zatrudnieni w Politechnice Bia\u0142ostockiej na podstawie stosunku pracy w grupie pracownik\u00f3w badawczych lub badawczo-dydaktycznych jako podstawowym miejscu pracy, reprezentuj\u0105cy dyscypliny tj. in\u017cynieria mechaniczna, automatyka, elektronika, elektrotechnika i technologie kosmiczne, in\u017cynieria biomedyczna, in\u017cynieria \u015brodowiska, g\u00f3rnictwo i energetyka, in\u017cynieria l\u0105dowa, geodezja i transport, informatyka techniczna i telekomunikacja, architektura i urbanistyka.<\/li>\n<li>\u015arodki finansowe pochodz\u0105 z bud\u017cetu projektu pn. <em>Zwi\u0119kszenie interdyscyplinarno\u015bci bada\u0144 naukowych w PB w obszarze nauk in\u017cynieryjno-technicznych<\/em> finansowanego z subwencji Ministra Nauki w ramach programu Regionalna Inicjatywa Doskona\u0142o\u015bci.<\/li>\n<li>Celem programu jest finansowanie dzia\u0142a\u0144 maj\u0105cych na celu rozpowszechnianie wynik\u00f3w bada\u0144 realizowanych w zespo\u0142ach interdyscyplinarnych w Politechnice Bia\u0142ostockiej w postaci referat\u00f3w lub poster\u00f3w na mi\u0119dzynarodowych konferencjach naukowych. Konferencje musz\u0105 mie\u0107 uznan\u0105 rang\u0119 mi\u0119dzynarodow\u0105.<\/li>\n<li>Finansowany jest wy\u0142\u0105cznie udzia\u0142 w konferencjach, na kt\u00f3rych pracownik wyg\u0142asza referat lub prezentuje poster.<\/li>\n<li>Finansowaniu podlegaj\u0105 nast\u0119puj\u0105ce koszty udzia\u0142u w konferencjach:\n<ol class=\"custom-list-abc\" type=\"a\">\n<li>koszty podr\u00f3\u017cy,<\/li>\n<li>koszty zakwaterowania,<\/li>\n<li>diety,<\/li>\n<li>rycza\u0142t na dojazdy,<\/li>\n<li>op\u0142aty wizowe,<\/li>\n<li>op\u0142ata konferencyjna.<\/li>\n<\/ol>\n<\/li>\n<li>Udzia\u0142 w renomowanych konferencjach podlegaj\u0105cych finansowaniu musi by\u0107 efektem prac realizowanych w zespo\u0142ach interdyscyplinarnych reprezentowanych przez pracownik\u00f3w Politechniki Bia\u0142ostockiej z dyscypliny wiod\u0105cej: in\u017cynieria mechaniczna oraz dyscyplin dodatkowych: automatyka, elektronika, elektrotechnika i technologie kosmiczne, in\u017cynieria biomedyczna, in\u017cynieria \u015brodowiska, g\u00f3rnictwo i energetyka, in\u017cynieria l\u0105dowa, geodezja i transport, informatyka techniczna i telekomunikacja, architektura i urbanistyka.<\/li>\n<li>Koszty dzia\u0142ania powinny zosta\u0107 zaplanowane zgodnie z zarz\u0105dzeniem rektora Politechniki Bia\u0142ostockiej w sprawie podro\u017cy pracownik\u00f3w Politechniki Bia\u0142ostockiej na obszarze kraju i poza jego granicami.<\/li>\n<li>Dzia\u0142anie jest finansowane w trybie ci\u0105g\u0142ym w okresie od 1 kwietnia 2024 do 31 grudnia 2026 roku.<\/li>\n<\/ol>\n<p><strong>II. Sk\u0142adanie wniosk\u00f3w <\/strong><\/p>\n<div style=\"margin-left: 20px\">W celu uzyskania dofinansowania nale\u017cy przed\u0142o\u017cy\u0107 wniosek stanowi\u0105cy za\u0142\u0105cznik nr 1 do regulaminu w Biurze projektu \u201eRegionalna Inicjatywa Doskona\u0142o\u015bci&#8221; na Wydziale Mechanicznym Politechniki Bia\u0142ostockiej, maj\u0105cym swoj\u0105 siedzib\u0119 w Sekretariacie Wydzia\u0142u (pok\u00f3j 106).<br \/>\nWniosek powinien zawiera\u0107 nast\u0119puj\u0105ce informacje:<\/p>\n<ol class=\"custom-list-abc\" type=\"a\">\n<li>nazwa, miejsce i termin konferencji,<\/li>\n<li>imi\u0119 i nazwisko pracownika,<\/li>\n<li>data wyjazdu i przyjazdu,<\/li>\n<li>wskazanie interdyscyplinarno\u015bci bada\u0144 prowadzonych w Politechnice Bia\u0142ostockiej w ramach dyscyplin naukowych okre\u015blonych w pkt I.6,<\/li>\n<li>kalkulacj\u0119 koszt\u00f3w,<\/li>\n<li>potwierdzenie przyj\u0119cia referatu lub posteru na konferencj\u0119.<\/li>\n<\/ol>\n<\/div>\n<p><strong>III. Rozstrzygni\u0119cie<\/strong><\/p>\n<ol>\n<li>Decyzj\u0119 o przyznaniu finansowania podejmuje powo\u0142ana przez prorektora ds. nauki Komisja w sk\u0142adzie:\n<ol class=\"custom-list-abc\" type=\"a\">\n<li>koordynator projektu;<\/li>\n<li>zesp\u00f3\u0142 odpowiedzialny za realizacj\u0119 zada\u0144 w projekcie.<\/li>\n<\/ol>\n<\/li>\n<li>Rozpatrywane b\u0119d\u0105 tylko wnioski spe\u0142niaj\u0105ce kryteria formalne okre\u015blone I.6.<\/li>\n<li>Wniosek b\u0119dzie oceniany wed\u0142ug nast\u0119puj\u0105cych kryteri\u00f3w:\n<ol class=\"custom-list-abc\" type=\"a\">\n<li>zasadno\u015b\u0107 uczestnictwa w konferencji z punktu widzenia rozwoju naukowego pracownik\u00f3w (maks. 10 pkt);<\/li>\n<li>zasadno\u015b\u0107 bud\u017cetu (maks. 5 pkt).<\/li>\n<\/ol>\n<\/li>\n<li>Do finansowania kierowane s\u0105 wnioski, kt\u00f3ry otrzyma\u0142y co najmniej 10 punkt\u00f3w.<\/li>\n<li>Decyzja o finansowaniu lub odmowie finansowania przekazywana b\u0119dzie za po\u015brednictwem poczty elektronicznej na adres pracownika w domenie pb.edu.pl.<\/li>\n<li>Decyzja o finansowaniu podejmowana jest do ko\u0144ca miesi\u0105ca nast\u0119puj\u0105cego po miesi\u0105cu, w kt\u00f3rym zosta\u0142 z\u0142o\u017cony wniosek.<\/li>\n<li>Od decyzji Komisji przys\u0142uguje odwo\u0142anie do prorektora ds. nauki.<\/li>\n<\/ol>\n<p><strong>IV. Postanowienia ko\u0144cowe <\/strong><\/p>\n<ol>\n<li>Sk\u0142adaj\u0105c wniosek, o kt\u00f3rym mowa pkt II,&nbsp; wnioskodawca zobowi\u0105zuje si\u0119 do przestrzegania niniejszego regulaminu.<\/li>\n<li>Nauczyciel akademicki, kt\u00f3ry otrzyma\u0142 pozytywn\u0105 decyzj\u0119 o uzyskaniu finansowania, sk\u0142ada wype\u0142niony formularz Polecenia wyjazdu zgodnie z obowi\u0105zuj\u0105cym w Uczelni zarz\u0105dzeniem Rektora Politechniki Bia\u0142ostockiej w sprawie podr\u00f3\u017cy pracownik\u00f3w Politechniki Bia\u0142ostockiej na obszarze kraju i poza jego granicami.<\/li>\n<li>W zakresie nieuregulowanym w regulaminie stosuje si\u0119 inne akty wewn\u0119trzne obowi\u0105zuj\u0105ce w Politechnice Bia\u0142ostockiej.<\/li>\n<li>Regulamin wchodzi w \u017cycie z dniem podpisania.<\/li>\n<\/ol>\n<div class=\"h3\">Pliki do pobrania<\/div>\n<p><strong>Wniosek o sfinansowanie konferencji:<\/strong> <a class=\"docx\" title=\"pobierz plik\" href=\"https:\/\/wm.pb.edu.pl\/rid2\/wp-content\/uploads\/sites\/26\/2024\/03\/Zalacznik-nr-1-3.docx\" data-id=\"662\">Za\u0142\u0105cznik nr 1 (DOCX, 41 KB)<\/a><\/p>\n","protected":false},"excerpt":{"rendered":"<p>Konferencje mi\u0119dzynarodowe Regulamin finansowania udzia\u0142u w renomowanych mi\u0119dzynarodowych konferencjach naukowych I. Zasady og\u00f3lne O dofinansowanie<a class=\"read-more\" href=\"https:\/\/wm.pb.edu.pl\/rid2\/konferencje-miedzynarodowe\/\" title=\"Poka\u017c artyku\u0142 Konferencje mi\u0119dzynarodowe\">wi\u0119cej<\/a><\/p>\n","protected":false},"author":2,"featured_media":0,"parent":0,"menu_order":6,"comment_status":"closed","ping_status":"closed","template":"templates\/dzial.php","meta":{"inline_featured_image":false,"ngg_post_thumbnail":0,"footnotes":""},"class_list":["post-511","page","type-page","status-publish","hentry"],"acf":[],"yoast_head":"<!-- This site is optimized with the Yoast SEO plugin v26.4 - https:\/\/yoast.com\/wordpress\/plugins\/seo\/ -->\n<title>Konferencje mi\u0119dzynarodowe - Regionalna Inicjatywa Doskona\u0142o\u015bci<\/title>\n<meta name=\"robots\" content=\"index, follow, max-snippet:-1, max-image-preview:large, max-video-preview:-1\" \/>\n<link rel=\"canonical\" href=\"https:\/\/wm.pb.edu.pl\/rid2\/konferencje-miedzynarodowe\/\" \/>\n<meta property=\"og:locale\" content=\"pl_PL\" \/>\n<meta property=\"og:type\" content=\"article\" \/>\n<meta property=\"og:title\" content=\"Konferencje mi\u0119dzynarodowe - Regionalna Inicjatywa Doskona\u0142o\u015bci\" \/>\n<meta property=\"og:description\" content=\"Konferencje mi\u0119dzynarodowe Regulamin finansowania udzia\u0142u w renomowanych mi\u0119dzynarodowych konferencjach naukowych I. Zasady og\u00f3lne O dofinansowaniewi\u0119cej\" \/>\n<meta property=\"og:url\" content=\"https:\/\/wm.pb.edu.pl\/rid2\/konferencje-miedzynarodowe\/\" \/>\n<meta property=\"og:site_name\" content=\"Regionalna Inicjatywa Doskona\u0142o\u015bci\" \/>\n<meta property=\"article:modified_time\" content=\"2024-03-08T14:21:01+00:00\" \/>\n<meta property=\"og:image\" content=\"https:\/\/wm.pb.edu.pl\/rid2\/wp-content\/uploads\/sites\/26\/2024\/03\/belka-RID.jpg\" \/>\n<meta name=\"twitter:card\" content=\"summary_large_image\" \/>\n<meta name=\"twitter:label1\" content=\"Szacowany czas czytania\" \/>\n\t<meta name=\"twitter:data1\" content=\"4 minuty\" \/>\n<script type=\"application\/ld+json\" class=\"yoast-schema-graph\">{\"@context\":\"https:\/\/schema.org\",\"@graph\":[{\"@type\":\"WebPage\",\"@id\":\"https:\/\/wm.pb.edu.pl\/rid2\/konferencje-miedzynarodowe\/\",\"url\":\"https:\/\/wm.pb.edu.pl\/rid2\/konferencje-miedzynarodowe\/\",\"name\":\"Konferencje mi\u0119dzynarodowe - Regionalna Inicjatywa Doskona\u0142o\u015bci\",\"isPartOf\":{\"@id\":\"https:\/\/wm.pb.edu.pl\/rid2\/#website\"},\"primaryImageOfPage\":{\"@id\":\"https:\/\/wm.pb.edu.pl\/rid2\/konferencje-miedzynarodowe\/#primaryimage\"},\"image\":{\"@id\":\"https:\/\/wm.pb.edu.pl\/rid2\/konferencje-miedzynarodowe\/#primaryimage\"},\"thumbnailUrl\":\"https:\/\/wm.pb.edu.pl\/rid2\/wp-content\/uploads\/sites\/26\/2024\/03\/belka-RID.jpg\",\"datePublished\":\"2024-01-22T18:29:15+00:00\",\"dateModified\":\"2024-03-08T14:21:01+00:00\",\"breadcrumb\":{\"@id\":\"https:\/\/wm.pb.edu.pl\/rid2\/konferencje-miedzynarodowe\/#breadcrumb\"},\"inLanguage\":\"pl-PL\",\"potentialAction\":[{\"@type\":\"ReadAction\",\"target\":[\"https:\/\/wm.pb.edu.pl\/rid2\/konferencje-miedzynarodowe\/\"]}]},{\"@type\":\"ImageObject\",\"inLanguage\":\"pl-PL\",\"@id\":\"https:\/\/wm.pb.edu.pl\/rid2\/konferencje-miedzynarodowe\/#primaryimage\",\"url\":\"https:\/\/wm.pb.edu.pl\/rid2\/wp-content\/uploads\/sites\/26\/2024\/03\/belka-RID.jpg\",\"contentUrl\":\"https:\/\/wm.pb.edu.pl\/rid2\/wp-content\/uploads\/sites\/26\/2024\/03\/belka-RID.jpg\",\"width\":1024,\"height\":141,\"caption\":\"logo projektu, Politechniki Bia\u0142ostockiej i Ministerstwa Nauki i Szkolnictwa Wy\u017cszego\"},{\"@type\":\"BreadcrumbList\",\"@id\":\"https:\/\/wm.pb.edu.pl\/rid2\/konferencje-miedzynarodowe\/#breadcrumb\",\"itemListElement\":[{\"@type\":\"ListItem\",\"position\":1,\"name\":\"Strona g\u0142\u00f3wna\",\"item\":\"https:\/\/wm.pb.edu.pl\/rid2\/\"},{\"@type\":\"ListItem\",\"position\":2,\"name\":\"Konferencje mi\u0119dzynarodowe\"}]},{\"@type\":\"WebSite\",\"@id\":\"https:\/\/wm.pb.edu.pl\/rid2\/#website\",\"url\":\"https:\/\/wm.pb.edu.pl\/rid2\/\",\"name\":\"Regionalna Inicjatywa Doskona\u0142o\u015bci\",\"description\":\"\",\"potentialAction\":[{\"@type\":\"SearchAction\",\"target\":{\"@type\":\"EntryPoint\",\"urlTemplate\":\"https:\/\/wm.pb.edu.pl\/rid2\/?s={search_term_string}\"},\"query-input\":{\"@type\":\"PropertyValueSpecification\",\"valueRequired\":true,\"valueName\":\"search_term_string\"}}],\"inLanguage\":\"pl-PL\"}]}<\/script>\n<!-- \/ Yoast SEO plugin. -->","yoast_head_json":{"title":"Konferencje mi\u0119dzynarodowe - Regionalna Inicjatywa Doskona\u0142o\u015bci","robots":{"index":"index","follow":"follow","max-snippet":"max-snippet:-1","max-image-preview":"max-image-preview:large","max-video-preview":"max-video-preview:-1"},"canonical":"https:\/\/wm.pb.edu.pl\/rid2\/konferencje-miedzynarodowe\/","og_locale":"pl_PL","og_type":"article","og_title":"Konferencje mi\u0119dzynarodowe - Regionalna Inicjatywa Doskona\u0142o\u015bci","og_description":"Konferencje mi\u0119dzynarodowe Regulamin finansowania udzia\u0142u w renomowanych mi\u0119dzynarodowych konferencjach naukowych I. Zasady og\u00f3lne O dofinansowaniewi\u0119cej","og_url":"https:\/\/wm.pb.edu.pl\/rid2\/konferencje-miedzynarodowe\/","og_site_name":"Regionalna Inicjatywa Doskona\u0142o\u015bci","article_modified_time":"2024-03-08T14:21:01+00:00","og_image":[{"url":"https:\/\/wm.pb.edu.pl\/rid2\/wp-content\/uploads\/sites\/26\/2024\/03\/belka-RID.jpg","type":"","width":"","height":""}],"twitter_card":"summary_large_image","twitter_misc":{"Szacowany czas czytania":"4 minuty"},"schema":{"@context":"https:\/\/schema.org","@graph":[{"@type":"WebPage","@id":"https:\/\/wm.pb.edu.pl\/rid2\/konferencje-miedzynarodowe\/","url":"https:\/\/wm.pb.edu.pl\/rid2\/konferencje-miedzynarodowe\/","name":"Konferencje mi\u0119dzynarodowe - Regionalna Inicjatywa Doskona\u0142o\u015bci","isPartOf":{"@id":"https:\/\/wm.pb.edu.pl\/rid2\/#website"},"primaryImageOfPage":{"@id":"https:\/\/wm.pb.edu.pl\/rid2\/konferencje-miedzynarodowe\/#primaryimage"},"image":{"@id":"https:\/\/wm.pb.edu.pl\/rid2\/konferencje-miedzynarodowe\/#primaryimage"},"thumbnailUrl":"https:\/\/wm.pb.edu.pl\/rid2\/wp-content\/uploads\/sites\/26\/2024\/03\/belka-RID.jpg","datePublished":"2024-01-22T18:29:15+00:00","dateModified":"2024-03-08T14:21:01+00:00","breadcrumb":{"@id":"https:\/\/wm.pb.edu.pl\/rid2\/konferencje-miedzynarodowe\/#breadcrumb"},"inLanguage":"pl-PL","potentialAction":[{"@type":"ReadAction","target":["https:\/\/wm.pb.edu.pl\/rid2\/konferencje-miedzynarodowe\/"]}]},{"@type":"ImageObject","inLanguage":"pl-PL","@id":"https:\/\/wm.pb.edu.pl\/rid2\/konferencje-miedzynarodowe\/#primaryimage","url":"https:\/\/wm.pb.edu.pl\/rid2\/wp-content\/uploads\/sites\/26\/2024\/03\/belka-RID.jpg","contentUrl":"https:\/\/wm.pb.edu.pl\/rid2\/wp-content\/uploads\/sites\/26\/2024\/03\/belka-RID.jpg","width":1024,"height":141,"caption":"logo projektu, Politechniki Bia\u0142ostockiej i Ministerstwa Nauki i Szkolnictwa Wy\u017cszego"},{"@type":"BreadcrumbList","@id":"https:\/\/wm.pb.edu.pl\/rid2\/konferencje-miedzynarodowe\/#breadcrumb","itemListElement":[{"@type":"ListItem","position":1,"name":"Strona g\u0142\u00f3wna","item":"https:\/\/wm.pb.edu.pl\/rid2\/"},{"@type":"ListItem","position":2,"name":"Konferencje mi\u0119dzynarodowe"}]},{"@type":"WebSite","@id":"https:\/\/wm.pb.edu.pl\/rid2\/#website","url":"https:\/\/wm.pb.edu.pl\/rid2\/","name":"Regionalna Inicjatywa Doskona\u0142o\u015bci","description":"","potentialAction":[{"@type":"SearchAction","target":{"@type":"EntryPoint","urlTemplate":"https:\/\/wm.pb.edu.pl\/rid2\/?s={search_term_string}"},"query-input":{"@type":"PropertyValueSpecification","valueRequired":true,"valueName":"search_term_string"}}],"inLanguage":"pl-PL"}]}},"_links":{"self":[{"href":"https:\/\/wm.pb.edu.pl\/rid2\/wp-json\/wp\/v2\/pages\/511","targetHints":{"allow":["GET"]}}],"collection":[{"href":"https:\/\/wm.pb.edu.pl\/rid2\/wp-json\/wp\/v2\/pages"}],"about":[{"href":"https:\/\/wm.pb.edu.pl\/rid2\/wp-json\/wp\/v2\/types\/page"}],"author":[{"embeddable":true,"href":"https:\/\/wm.pb.edu.pl\/rid2\/wp-json\/wp\/v2\/users\/2"}],"replies":[{"embeddable":true,"href":"https:\/\/wm.pb.edu.pl\/rid2\/wp-json\/wp\/v2\/comments?post=511"}],"version-history":[{"count":24,"href":"https:\/\/wm.pb.edu.pl\/rid2\/wp-json\/wp\/v2\/pages\/511\/revisions"}],"predecessor-version":[{"id":684,"href":"https:\/\/wm.pb.edu.pl\/rid2\/wp-json\/wp\/v2\/pages\/511\/revisions\/684"}],"wp:attachment":[{"href":"https:\/\/wm.pb.edu.pl\/rid2\/wp-json\/wp\/v2\/media?parent=511"}],"curies":[{"name":"wp","href":"https:\/\/api.w.org\/{rel}","templated":true}]}}